{"id":141,"date":"2026-06-30T07:03:59","date_gmt":"2026-06-30T05:03:59","guid":{"rendered":"https:\/\/faustoquintana.com\/?page_id=141"},"modified":"2026-07-13T22:32:41","modified_gmt":"2026-07-14T03:32:41","slug":"sobre-mi","status":"publish","type":"page","link":"https:\/\/faustoquintana.com\/?page_id=141","title":{"rendered":"Sobre mi"},"content":{"rendered":"\n\t<div class=\"img has-hover x md-x lg-x y md-y lg-y\" id=\"image_424876810\">\n\t\t\t\t\t\t\t\t<div class=\"img-inner dark\" >\n\t\t\t<img fetchpriority=\"high\" decoding=\"async\" width=\"1536\" height=\"1024\" src=\"https:\/\/faustoquintana.com\/wp-content\/uploads\/2026\/07\/sobre-mi.png\" class=\"attachment-original size-original\" alt=\"\" srcset=\"https:\/\/faustoquintana.com\/wp-content\/uploads\/2026\/07\/sobre-mi.png 1536w, https:\/\/faustoquintana.com\/wp-content\/uploads\/2026\/07\/sobre-mi-300x200.png 300w, https:\/\/faustoquintana.com\/wp-content\/uploads\/2026\/07\/sobre-mi-1024x683.png 1024w, https:\/\/faustoquintana.com\/wp-content\/uploads\/2026\/07\/sobre-mi-768x512.png 768w, https:\/\/faustoquintana.com\/wp-content\/uploads\/2026\/07\/sobre-mi-600x400.png 600w\" sizes=\"(max-width: 1536px) 100vw, 1536px\" \/>\t\t\t\t\t\t\n\t\t\t\t\t<\/div>\n\t\t\t\t\t\t\t\t\n<style>\n#image_424876810 {\n  width: 100%;\n}\n<\/style>\n\t<\/div>\n\t\n\n  <div id=\"page-header-1972955796\" class=\"page-header-wrapper\">\n  <div class=\"page-title dark featured-title\">\n\n    \n    <div class=\"page-title-inner container align-center flex-row medium-flex-wrap\" >\n              <div class=\"title-wrapper flex-col text-left medium-text-center\">\n          <h1 class=\"entry-title mb-0\">\n            Sobre mi          <\/h1>\n        <\/div>\n                    <div class=\"title-content flex-col flex-right text-right medium-text-center\">\n        <div class=\"title-breadcrumbs pb-half pt-half\"><nav class=\"woocommerce-breadcrumb breadcrumbs uppercase\" aria-label=\"Breadcrumb\">Inicio<\/nav><\/div>      <\/div>\n    <\/div>\n\n       <\/div>\n    <\/div>\n  \n\n<div class=\"row\"  id=\"row-1511066980\">\n\n\n\t<div id=\"col-1779615276\" class=\"col medium-6 small-12 large-6\"  >\n\t\t\t\t<div class=\"col-inner\"  >\n\t\t\t\n\t\t\t\n\n\t<div class=\"img has-hover x md-x lg-x y md-y lg-y\" id=\"image_94834025\">\n\t\t\t\t\t\t\t\t<div class=\"img-inner dark\" >\n\t\t\t<img decoding=\"async\" width=\"940\" height=\"1219\" src=\"https:\/\/faustoquintana.com\/wp-content\/uploads\/2026\/07\/IMG_8760.jpg\" class=\"attachment-original size-original\" alt=\"\" srcset=\"https:\/\/faustoquintana.com\/wp-content\/uploads\/2026\/07\/IMG_8760.jpg 940w, https:\/\/faustoquintana.com\/wp-content\/uploads\/2026\/07\/IMG_8760-231x300.jpg 231w, https:\/\/faustoquintana.com\/wp-content\/uploads\/2026\/07\/IMG_8760-790x1024.jpg 790w, https:\/\/faustoquintana.com\/wp-content\/uploads\/2026\/07\/IMG_8760-768x996.jpg 768w, https:\/\/faustoquintana.com\/wp-content\/uploads\/2026\/07\/IMG_8760-600x778.jpg 600w\" sizes=\"(max-width: 940px) 100vw, 940px\" \/>\t\t\t\t\t\t\n\t\t\t\t\t<\/div>\n\t\t\t\t\t\t\t\t\n<style>\n#image_94834025 {\n  width: 100%;\n}\n<\/style>\n\t<\/div>\n\t\n\n\n\t\t<\/div>\n\t\t\t\t\t<\/div>\n\n\t\n\n\t<div id=\"col-1646436425\" class=\"col medium-6 small-12 large-6\"  >\n\t\t\t\t<div class=\"col-inner\"  >\n\t\t\t\n\t\t\t\n\n<h3>TRAYECTORIA PROFESIONAL<\/h3>\n<p class=\"PDq2pG_selectionAnchorContainer\" data-start=\"195\" data-end=\"454\"><strong data-start=\"195\" data-end=\"454\">Abogado en libre ejercicio de los Tribunales de la Rep\u00fablica del Ecuador, con m\u00e1s de 10 a\u00f1os de experiencia en el ejercicio profesional desde el a\u00f1o 2015, brindando asesor\u00eda, representaci\u00f3n y defensa t\u00e9cnica especializada a personas naturales y jur\u00eddicas.<\/strong><\/p>\n<p data-start=\"456\" data-end=\"731\">Durante mi trayectoria he desarrollado experiencia en la gesti\u00f3n y direcci\u00f3n de procesos judiciales y administrativos, con especial enfoque en <strong data-start=\"599\" data-end=\"731\">Derecho Penal, Derecho Constitucional, Derecho Civil, Derecho de Familia, Derecho Inmobiliario, Derecho de Tr\u00e1nsito y Mediaci\u00f3n.<\/strong><\/p>\n<p data-start=\"733\" data-end=\"1004\">Mi compromiso profesional se fundamenta en la <strong data-start=\"779\" data-end=\"879\">\u00e9tica, responsabilidad, preparaci\u00f3n constante y defensa efectiva de los derechos de mis clientes<\/strong>, aplicando estrategias jur\u00eddicas orientadas a la b\u00fasqueda de soluciones eficientes y una representaci\u00f3n legal de excelencia.<\/p>\n<p data-start=\"1006\" data-end=\"1102\"><strong data-start=\"1006\" data-end=\"1102\">M\u00e1s de una d\u00e9cada ejerciendo el Derecho con compromiso, conocimiento y vocaci\u00f3n de servicio.<\/strong><\/p>\n\n\t\t<\/div>\n\t\t\t\t\t<\/div>\n\n\t\n\n<\/div>\n<div class=\"row\"  id=\"row-2141175122\">\n\n\n\t<div id=\"col-118395321\" class=\"col medium-6 small-12 large-6\"  >\n\t\t\t\t<div class=\"col-inner\"  >\n\t\t\t\n\t\t\t\n\n<h3>MAG\u00cdSTER EN DERECHO CON MENCI\u00d3N EN PR\u00c1CTICA PROCESAL PENAL Y LITIGACI\u00d3N ORAL<\/h3>\n<p class=\"PDq2pG_selectionAnchorContainer\" data-start=\"294\" data-end=\"351\"><strong data-start=\"294\" data-end=\"351\">Universidad Regional Aut\u00f3noma de los Andes (UNIANDES)<\/strong><\/p>\n<p data-start=\"353\" data-end=\"617\">Formaci\u00f3n acad\u00e9mica de cuarto nivel especializada en el \u00e1rea del Derecho Procesal Penal y la Litigaci\u00f3n Oral, orientada al fortalecimiento de conocimientos t\u00e9cnicos, estrat\u00e9gicos y jur\u00eddicos para el ejercicio profesional dentro del sistema de justicia ecuatoriano.<\/p>\n<p data-start=\"619\" data-end=\"910\">Esta preparaci\u00f3n permite desarrollar habilidades avanzadas en <strong data-start=\"681\" data-end=\"841\">teor\u00eda del caso, t\u00e9cnicas de litigaci\u00f3n oral, argumentaci\u00f3n jur\u00eddica, an\u00e1lisis probatorio, estrategias de defensa y aplicaci\u00f3n de la normativa penal vigente<\/strong>, garantizando una representaci\u00f3n t\u00e9cnica fundamentada y responsable.<\/p>\n<p data-start=\"912\" data-end=\"1138\">Como abogado en libre ejercicio de los tribunales de la Rep\u00fablica del Ecuador, esta especializaci\u00f3n respalda mi compromiso con una defensa jur\u00eddica preparada, estrat\u00e9gica y basada en el conocimiento profundo del proceso penal.<\/p>\n<p data-start=\"1140\" data-end=\"1258\"><strong data-start=\"1140\" data-end=\"1258\">La capacitaci\u00f3n constante es la base de una defensa efectiva y de una pr\u00e1ctica jur\u00eddica orientada a la excelencia.<\/strong><\/p>\n\n\t\t<\/div>\n\t\t\t\t\t<\/div>\n\n\t\n\n\t<div id=\"col-1542165479\" class=\"col medium-6 small-12 large-6\"  >\n\t\t\t\t<div class=\"col-inner\"  >\n\t\t\t\n\t\t\t\n\n\t<div class=\"img has-hover x md-x lg-x y md-y lg-y\" id=\"image_48102586\">\n\t\t\t\t\t\t\t\t<div class=\"img-inner dark\" >\n\t\t\t<img decoding=\"async\" width=\"1178\" height=\"1335\" src=\"https:\/\/faustoquintana.com\/wp-content\/uploads\/2026\/07\/penal-2.png\" class=\"attachment-original size-original\" alt=\"\" srcset=\"https:\/\/faustoquintana.com\/wp-content\/uploads\/2026\/07\/penal-2.png 1178w, https:\/\/faustoquintana.com\/wp-content\/uploads\/2026\/07\/penal-2-265x300.png 265w, https:\/\/faustoquintana.com\/wp-content\/uploads\/2026\/07\/penal-2-904x1024.png 904w, https:\/\/faustoquintana.com\/wp-content\/uploads\/2026\/07\/penal-2-768x870.png 768w, https:\/\/faustoquintana.com\/wp-content\/uploads\/2026\/07\/penal-2-600x680.png 600w\" sizes=\"(max-width: 1178px) 100vw, 1178px\" \/>\t\t\t\t\t\t\n\t\t\t\t\t<\/div>\n\t\t\t\t\t\t\t\t\n<style>\n#image_48102586 {\n  width: 100%;\n}\n<\/style>\n\t<\/div>\n\t\n\n\n\t\t<\/div>\n\t\t\t\t\t<\/div>\n\n\t\n\n<\/div>\n<div class=\"row\"  id=\"row-1416056044\">\n\n\n\t<div id=\"col-1957937601\" class=\"col medium-6 small-12 large-6\"  >\n\t\t\t\t<div class=\"col-inner\"  >\n\t\t\t\n\t\t\t\n\n\t<div class=\"img has-hover x md-x lg-x y md-y lg-y\" id=\"image_1939753741\">\n\t\t\t\t\t\t\t\t<div class=\"img-inner dark\" >\n\t\t\t<img loading=\"lazy\" decoding=\"async\" width=\"1122\" height=\"1402\" src=\"https:\/\/faustoquintana.com\/wp-content\/uploads\/2026\/07\/ChatGPT-Image-7-jul-2026-22_14_57.png\" class=\"attachment-original size-original\" alt=\"\" srcset=\"https:\/\/faustoquintana.com\/wp-content\/uploads\/2026\/07\/ChatGPT-Image-7-jul-2026-22_14_57.png 1122w, https:\/\/faustoquintana.com\/wp-content\/uploads\/2026\/07\/ChatGPT-Image-7-jul-2026-22_14_57-240x300.png 240w, https:\/\/faustoquintana.com\/wp-content\/uploads\/2026\/07\/ChatGPT-Image-7-jul-2026-22_14_57-819x1024.png 819w, https:\/\/faustoquintana.com\/wp-content\/uploads\/2026\/07\/ChatGPT-Image-7-jul-2026-22_14_57-768x960.png 768w, https:\/\/faustoquintana.com\/wp-content\/uploads\/2026\/07\/ChatGPT-Image-7-jul-2026-22_14_57-600x750.png 600w\" sizes=\"(max-width: 1122px) 100vw, 1122px\" \/>\t\t\t\t\t\t\n\t\t\t\t\t<\/div>\n\t\t\t\t\t\t\t\t\n<style>\n#image_1939753741 {\n  width: 100%;\n}\n<\/style>\n\t<\/div>\n\t\n\n\n\t\t<\/div>\n\t\t\t\t\t<\/div>\n\n\t\n\n\t<div id=\"col-1694432857\" class=\"col medium-6 small-12 large-6\"  >\n\t\t\t\t<div class=\"col-inner\"  >\n\t\t\t\n\t\t\t\n\n<h3>DERECHO CONSTITUCIONAL<\/h3>\n<p class=\"PDq2pG_selectionAnchorContainer\" data-start=\"225\" data-end=\"355\"><strong data-start=\"225\" data-end=\"355\">Mag\u00edster en Derecho, menci\u00f3n en Derecho Constitucional, otorgado por la Universidad Regional Aut\u00f3noma de los Andes (UNIANDES).<\/strong><\/p>\n<p data-start=\"357\" data-end=\"709\">Esta formaci\u00f3n de cuarto nivel fortalece mis competencias en el an\u00e1lisis, interpretaci\u00f3n y aplicaci\u00f3n del ordenamiento jur\u00eddico constitucional, enfocado en la protecci\u00f3n de derechos fundamentales, garant\u00edas constitucionales, control de constitucionalidad y defensa efectiva de los principios establecidos en la Constituci\u00f3n de la Rep\u00fablica del Ecuador.<\/p>\n<p data-start=\"711\" data-end=\"954\">Como abogado en libre ejercicio, esta preparaci\u00f3n acad\u00e9mica me permite brindar una asesor\u00eda jur\u00eddica integral, aplicando conocimientos especializados para la resoluci\u00f3n estrat\u00e9gica de casos y la defensa t\u00e9cnica de los derechos de mis clientes.<\/p>\n<p data-start=\"956\" data-end=\"1122\"><strong data-start=\"956\" data-end=\"1122\">La excelencia profesional nace de la preparaci\u00f3n constante, el estudio permanente y el compromiso con una justicia basada en el conocimiento y la responsabilidad.<\/strong><\/p>\n\n\t\t<\/div>\n\t\t\t\t\t<\/div>\n\n\t\n\n<\/div>\n<div class=\"row\"  id=\"row-961974410\">\n\n\n\t<div id=\"col-1025592040\" class=\"col medium-6 small-12 large-6\"  >\n\t\t\t\t<div class=\"col-inner\"  >\n\t\t\t\n\t\t\t\n\n<h3>MEDIADOR ACREDITADO<\/h3>\n<p class=\"PDq2pG_selectionAnchorContainer\" data-start=\"183\" data-end=\"424\">Como Abogado en libre ejercicio profesional, cuento con formaci\u00f3n especializada en mecanismos alternativos de soluci\u00f3n de conflictos, acreditado como <strong data-start=\"333\" data-end=\"345\">Mediador<\/strong>, con capacitaci\u00f3n te\u00f3rico-pr\u00e1ctica conforme a la normativa vigente en Ecuador.<\/p>\n<p data-start=\"426\" data-end=\"690\">Mi preparaci\u00f3n me permite intervenir como facilitador imparcial en procesos de di\u00e1logo y negociaci\u00f3n, promoviendo acuerdos voluntarios, soluciones pac\u00edficas y eficientes entre las partes, contribuyendo a una administraci\u00f3n de justicia m\u00e1s cercana, \u00e1gil y efectiva.<\/p>\n<p data-start=\"692\" data-end=\"961\">Con m\u00e1s de <strong data-start=\"703\" data-end=\"769\">10 a\u00f1os de experiencia en el ejercicio profesional del Derecho<\/strong>, he desarrollado habilidades en litigaci\u00f3n, negociaci\u00f3n y resoluci\u00f3n de controversias, aplicando principios de \u00e9tica, confidencialidad, imparcialidad y respeto a los derechos de las personas.<\/p>\n<p data-start=\"963\" data-end=\"1091\"><strong data-start=\"963\" data-end=\"1091\">\u00abLa mediaci\u00f3n no busca ganadores ni perdedores; busca construir acuerdos y soluciones que generen paz y seguridad jur\u00eddica.\u00bb<\/strong><\/p>\n\n\t\t<\/div>\n\t\t\t\t\t<\/div>\n\n\t\n\n\t<div id=\"col-1705934915\" class=\"col medium-6 small-12 large-6\"  >\n\t\t\t\t<div class=\"col-inner\"  >\n\t\t\t\n\t\t\t\n\n\t<div class=\"img has-hover x md-x lg-x y md-y lg-y\" id=\"image_2066942725\">\n\t\t\t\t\t\t\t\t<div class=\"img-inner dark\" >\n\t\t\t<img loading=\"lazy\" decoding=\"async\" width=\"1122\" height=\"1402\" src=\"https:\/\/faustoquintana.com\/wp-content\/uploads\/2026\/07\/ChatGPT-Image-7-jul-2026-22_39_36.png\" class=\"attachment-original size-original\" alt=\"\" srcset=\"https:\/\/faustoquintana.com\/wp-content\/uploads\/2026\/07\/ChatGPT-Image-7-jul-2026-22_39_36.png 1122w, https:\/\/faustoquintana.com\/wp-content\/uploads\/2026\/07\/ChatGPT-Image-7-jul-2026-22_39_36-240x300.png 240w, https:\/\/faustoquintana.com\/wp-content\/uploads\/2026\/07\/ChatGPT-Image-7-jul-2026-22_39_36-819x1024.png 819w, https:\/\/faustoquintana.com\/wp-content\/uploads\/2026\/07\/ChatGPT-Image-7-jul-2026-22_39_36-768x960.png 768w, https:\/\/faustoquintana.com\/wp-content\/uploads\/2026\/07\/ChatGPT-Image-7-jul-2026-22_39_36-600x750.png 600w\" sizes=\"(max-width: 1122px) 100vw, 1122px\" \/>\t\t\t\t\t\t\n\t\t\t\t\t<\/div>\n\t\t\t\t\t\t\t\t\n<style>\n#image_2066942725 {\n  width: 100%;\n}\n<\/style>\n\t<\/div>\n\t\n\n\n\t\t<\/div>\n\t\t\t\t\t<\/div>\n\n\t\n\n<\/div>\n<div class=\"row\"  id=\"row-1624656398\">\n\n\n\t<div id=\"col-1673469451\" class=\"col medium-6 small-12 large-6\"  >\n\t\t\t\t<div class=\"col-inner\"  >\n\t\t\t\n\t\t\t\n\n\t<div class=\"img has-hover x md-x lg-x y md-y lg-y\" id=\"image_2000534675\">\n\t\t\t\t\t\t\t\t<div class=\"img-inner dark\" >\n\t\t\t<img loading=\"lazy\" decoding=\"async\" width=\"1536\" height=\"1024\" src=\"https:\/\/faustoquintana.com\/wp-content\/uploads\/2026\/07\/ChatGPT-Image-7-jul-2026-22_47_16.png\" class=\"attachment-original size-original\" alt=\"\" srcset=\"https:\/\/faustoquintana.com\/wp-content\/uploads\/2026\/07\/ChatGPT-Image-7-jul-2026-22_47_16.png 1536w, https:\/\/faustoquintana.com\/wp-content\/uploads\/2026\/07\/ChatGPT-Image-7-jul-2026-22_47_16-300x200.png 300w, https:\/\/faustoquintana.com\/wp-content\/uploads\/2026\/07\/ChatGPT-Image-7-jul-2026-22_47_16-1024x683.png 1024w, https:\/\/faustoquintana.com\/wp-content\/uploads\/2026\/07\/ChatGPT-Image-7-jul-2026-22_47_16-768x512.png 768w, https:\/\/faustoquintana.com\/wp-content\/uploads\/2026\/07\/ChatGPT-Image-7-jul-2026-22_47_16-600x400.png 600w\" sizes=\"(max-width: 1536px) 100vw, 1536px\" \/>\t\t\t\t\t\t\n\t\t\t\t\t<\/div>\n\t\t\t\t\t\t\t\t\n<style>\n#image_2000534675 {\n  width: 100%;\n}\n<\/style>\n\t<\/div>\n\t\n\n\n\t\t<\/div>\n\t\t\t\t\t<\/div>\n\n\t\n\n\t<div id=\"col-1247543464\" class=\"col medium-6 small-12 large-6\"  >\n\t\t\t\t<div class=\"col-inner\"  >\n\t\t\t\n\t\t\t\n\n<h3>DIPLOMADO GERENCIA INMOBILIARIA<\/h3>\n<h4 class=\"PDq2pG_selectionAnchorContainer\" data-start=\"204\" data-end=\"248\"><span style=\"font-size: 75%;\"><strong data-start=\"204\" data-end=\"248\">ACBR Bol\u00edvar \u2013 Corporaci\u00f3n F\u00f3rum Ecuador<\/strong><\/span><\/h4>\n<h4 data-start=\"250\" data-end=\"468\"><span style=\"font-size: 75%;\">Formaci\u00f3n especializada en <strong data-start=\"277\" data-end=\"345\">gesti\u00f3n, administraci\u00f3n y direcci\u00f3n de actividades inmobiliarias<\/strong>, orientada al desarrollo de competencias estrat\u00e9gicas para la asesor\u00eda, negociaci\u00f3n y manejo profesional de bienes ra\u00edces.<\/span><\/h4>\n<h4 data-start=\"470\" data-end=\"694\"><span style=\"font-size: 75%;\">Este diplomado fortalece conocimientos en \u00e1reas como <strong data-start=\"523\" data-end=\"693\">comercializaci\u00f3n inmobiliaria, an\u00e1lisis de mercado, gesti\u00f3n de propiedades, procesos de negociaci\u00f3n y estrategias para la administraci\u00f3n eficiente de bienes inmuebles<\/strong>.<\/span><\/h4>\n<h4 data-start=\"696\" data-end=\"944\"><span style=\"font-size: 75%;\">Como abogado en libre ejercicio y profesional vinculado al sector inmobiliario, esta preparaci\u00f3n complementa mi experiencia jur\u00eddica, permitiendo brindar una asesor\u00eda integral en operaciones de compra, venta, arrendamiento e inversi\u00f3n inmobiliaria.<\/span><\/h4>\n<h4 data-start=\"946\" data-end=\"1053\"><span style=\"font-size: 75%;\"><strong data-start=\"946\" data-end=\"1053\">Una visi\u00f3n jur\u00eddica y estrat\u00e9gica para proteger y potenciar el patrimonio inmobiliario de mis clientes.<\/strong><\/span><\/h4>\n\n\t\t<\/div>\n\t\t\t\t\t<\/div>\n\n\t\n\n<\/div>\n<div class=\"row\"  id=\"row-1488455911\">\n\n\n\t<div id=\"col-1179264315\" class=\"col medium-6 small-12 large-6\"  >\n\t\t\t\t<div class=\"col-inner\"  >\n\t\t\t\n\t\t\t\n\n<h4>LICENCIA PROFESIONAL DE CORREDOR DE BIENES RA\u00cdCES<\/h4>\n<h4 class=\"PDq2pG_selectionAnchorContainer\" data-start=\"196\" data-end=\"267\"><span style=\"font-size: 75%;\"><strong data-start=\"196\" data-end=\"267\">Asociaci\u00f3n de Corredores de Bienes Ra\u00edces de Bol\u00edvar \u2013 ACBR BOL\u00cdVAR<\/strong><\/span><\/h4>\n<h4 data-start=\"269\" data-end=\"519\"><span style=\"font-size: 75%;\">Acreditaci\u00f3n profesional que certifica la formaci\u00f3n y cumplimiento de los requisitos necesarios para el ejercicio de la actividad de <strong data-start=\"402\" data-end=\"428\">corretaje inmobiliario<\/strong>, fortaleciendo mis competencias en la intermediaci\u00f3n, asesor\u00eda y gesti\u00f3n de bienes ra\u00edces.<\/span><\/h4>\n<h4 data-start=\"521\" data-end=\"760\"><span style=\"font-size: 75%;\">Esta licencia respalda mi preparaci\u00f3n en procesos relacionados con la <strong data-start=\"591\" data-end=\"652\">compra, venta, arrendamiento y negociaci\u00f3n de propiedades<\/strong>, brindando un servicio basado en la transparencia, responsabilidad y conocimiento del mercado inmobiliario.<\/span><\/h4>\n<h4 data-start=\"762\" data-end=\"986\"><span style=\"font-size: 75%;\">Como abogado en libre ejercicio y profesional especializado en el \u00e1rea inmobiliaria, complemento la asesor\u00eda legal con una visi\u00f3n estrat\u00e9gica para la protecci\u00f3n de los intereses de propietarios, compradores e inversionistas.<\/span><\/h4>\n<h4 data-start=\"988\" data-end=\"1068\"><span style=\"font-size: 75%;\"><strong data-start=\"988\" data-end=\"1068\">Compromiso, confianza y respaldo profesional en cada operaci\u00f3n inmobiliaria.<\/strong><\/span><\/h4>\n\n\t\t<\/div>\n\t\t\t\t\t<\/div>\n\n\t\n\n\t<div id=\"col-1338633237\" class=\"col medium-6 small-12 large-6\"  >\n\t\t\t\t<div class=\"col-inner\"  >\n\t\t\t\n\t\t\t\n\n\t<div class=\"img has-hover x md-x lg-x y md-y lg-y\" id=\"image_17167044\">\n\t\t\t\t\t\t\t\t<div class=\"img-inner dark\" >\n\t\t\t<img loading=\"lazy\" decoding=\"async\" width=\"1536\" height=\"1024\" src=\"https:\/\/faustoquintana.com\/wp-content\/uploads\/2026\/07\/ChatGPT-Image-7-jul-2026-22_48_14.png\" class=\"attachment-original size-original\" alt=\"\" srcset=\"https:\/\/faustoquintana.com\/wp-content\/uploads\/2026\/07\/ChatGPT-Image-7-jul-2026-22_48_14.png 1536w, https:\/\/faustoquintana.com\/wp-content\/uploads\/2026\/07\/ChatGPT-Image-7-jul-2026-22_48_14-300x200.png 300w, https:\/\/faustoquintana.com\/wp-content\/uploads\/2026\/07\/ChatGPT-Image-7-jul-2026-22_48_14-1024x683.png 1024w, https:\/\/faustoquintana.com\/wp-content\/uploads\/2026\/07\/ChatGPT-Image-7-jul-2026-22_48_14-768x512.png 768w, https:\/\/faustoquintana.com\/wp-content\/uploads\/2026\/07\/ChatGPT-Image-7-jul-2026-22_48_14-600x400.png 600w\" sizes=\"(max-width: 1536px) 100vw, 1536px\" \/>\t\t\t\t\t\t\n\t\t\t\t\t<\/div>\n\t\t\t\t\t\t\t\t\n<style>\n#image_17167044 {\n  width: 100%;\n}\n<\/style>\n\t<\/div>\n\t\n\n\n\t\t<\/div>\n\t\t\t\t\t<\/div>\n\n\t\n\n<\/div>\n<div class=\"row\"  id=\"row-1730654041\">\n\n\n\t<div id=\"col-1772237150\" class=\"col medium-6 small-12 large-6\"  >\n\t\t\t\t<div class=\"col-inner\"  >\n\t\t\t\n\t\t\t\n\n\t<div class=\"img has-hover x md-x lg-x y md-y lg-y\" id=\"image_783231624\">\n\t\t\t\t\t\t\t\t<div class=\"img-inner dark\" >\n\t\t\t<img loading=\"lazy\" decoding=\"async\" width=\"2000\" height=\"1414\" src=\"https:\/\/faustoquintana.com\/wp-content\/uploads\/2026\/07\/1.png\" class=\"attachment-original size-original\" alt=\"\" srcset=\"https:\/\/faustoquintana.com\/wp-content\/uploads\/2026\/07\/1.png 2000w, https:\/\/faustoquintana.com\/wp-content\/uploads\/2026\/07\/1-300x212.png 300w, https:\/\/faustoquintana.com\/wp-content\/uploads\/2026\/07\/1-1024x724.png 1024w, https:\/\/faustoquintana.com\/wp-content\/uploads\/2026\/07\/1-768x543.png 768w, https:\/\/faustoquintana.com\/wp-content\/uploads\/2026\/07\/1-1536x1086.png 1536w, https:\/\/faustoquintana.com\/wp-content\/uploads\/2026\/07\/1-600x424.png 600w\" sizes=\"(max-width: 2000px) 100vw, 2000px\" \/>\t\t\t\t\t\t\n\t\t\t\t\t<\/div>\n\t\t\t\t\t\t\t\t\n<style>\n#image_783231624 {\n  width: 100%;\n}\n<\/style>\n\t<\/div>\n\t\n\n\n\t\t<\/div>\n\t\t\t\t\t<\/div>\n\n\t\n\n\t<div id=\"col-1406567948\" class=\"col medium-6 small-12 large-6\"  >\n\t\t\t\t<div class=\"col-inner\"  >\n\t\t\t\n\t\t\t\n\n<h3>PERITO EN VALORACION DE BIENES INMUEBLES<\/h3>\n<h4 class=\"PDq2pG_selectionAnchorContainer\" data-start=\"191\" data-end=\"441\"><span style=\"font-size: 75%;\">Como parte de mi formaci\u00f3n especializada en el \u00e1rea inmobiliaria, cuento con certificaci\u00f3n como <strong data-start=\"287\" data-end=\"331\">Perito en Valoraci\u00f3n de Bienes Inmuebles<\/strong>, fortaleciendo mis competencias t\u00e9cnicas para el an\u00e1lisis y determinaci\u00f3n del valor comercial de propiedades.<\/span><\/h4>\n<h4 data-start=\"443\" data-end=\"669\"><span style=\"font-size: 75%;\">Esta preparaci\u00f3n permite realizar evaluaciones fundamentadas de bienes inmuebles, considerando factores t\u00e9cnicos, caracter\u00edsticas f\u00edsicas, ubicaci\u00f3n, condiciones del mercado y elementos jur\u00eddicos que influyen en su valoraci\u00f3n.<\/span><\/h4>\n<h4 data-start=\"671\" data-end=\"934\"><span style=\"font-size: 75%;\">Brindo asesor\u00eda profesional en procesos relacionados con <strong data-start=\"728\" data-end=\"830\">compra, venta, negociaci\u00f3n, aval\u00faos, regularizaci\u00f3n patrimonial y toma de decisiones inmobiliarias<\/strong>, integrando mi experiencia como abogado con conocimientos especializados en el sector de bienes ra\u00edces.<\/span><\/h4>\n<h4 data-start=\"936\" data-end=\"1083\"><span style=\"font-size: 75%;\">Mi objetivo es ofrecer a mis clientes seguridad, transparencia y criterios t\u00e9cnicos confiables para proteger y valorar correctamente su patrimonio.<\/span><\/h4>\n\n\t\t<\/div>\n\t\t\t\t\t<\/div>\n\n\t\n\n<\/div>\n<div class=\"row\"  id=\"row-1230589286\">\n\n\n\t<div id=\"col-350004303\" class=\"col medium-6 small-12 large-6\"  >\n\t\t\t\t<div class=\"col-inner\"  >\n\t\t\t\n\t\t\t\n\n<h3>EXPERTO EN MANEJO DE AVALUOS RURALES<\/h3>\n<div class=\"qMYqUG_convSearchResultHighlightRoot\">\n<div class=\"\" data-turn-id-container=\"request-6a4d9063-8a04-83e9-9f0d-0b770d025bef-2\" data-is-intersecting=\"true\">\n<section class=\"text-token-text-primary w-full focus:outline-none has-data-writing-block:pointer-events-none &#091;&amp;:has(&#091;data-writing-block&#093;)&gt;*&#093;:pointer-events-auto R6Vx5W_threadScrollVars scroll-mb-&#091;calc(var(--scroll-root-safe-area-inset-bottom,0px)+var(--thread-response-height))&#093; scroll-mt-&#091;calc(var(--header-height)+min(200px,max(70px,20svh)))&#093;\" dir=\"auto\" data-turn-id=\"request-6a4d9063-8a04-83e9-9f0d-0b770d025bef-2\" data-turn-id-container=\"request-6a4d9063-8a04-83e9-9f0d-0b770d025bef-2\" data-testid=\"conversation-turn-114\" data-turn=\"assistant\">\n<div class=\"text-base my-auto mx-auto pb-10 &#091;--thread-content-margin:var(--thread-content-margin-xs,calc(var(--spacing)*4))&#093; @w-sm\/main:&#091;--thread-content-margin:var(--thread-content-margin-sm,calc(var(--spacing)*6))&#093; @w-lg\/main:&#091;--thread-content-margin:var(--thread-content-margin-lg,calc(var(--spacing)*16))&#093; px-(--thread-content-margin)\">\n<div class=\"&#091;--thread-content-max-width:40rem&#093; @w-lg\/main:&#091;--thread-content-max-width:48rem&#093; mx-auto max-w-(--thread-content-max-width) flex-1 group\/turn-messages focus-visible:outline-hidden relative flex w-full min-w-0 flex-col agent-turn\" data-conversation-screenshot-content=\"\">\n<div class=\"flex max-w-full flex-col gap-4 grow\">\n<div class=\"min-h-8 text-message relative flex w-full flex-col items-end gap-2 text-start break-words whitespace-normal outline-none keyboard-focused:focus-ring &#091;.text-message+&amp;&#093;:mt-1\" dir=\"auto\" tabindex=\"0\" data-message-author-role=\"assistant\" data-message-id=\"b9739b11-f0e0-4a43-ab46-807b9596dbee\" data-message-model-slug=\"gpt-5-mini\" data-turn-start-message=\"true\">\n<div class=\"flex w-full flex-col gap-1 empty:hidden\">\n<div class=\"markdown prose dark:prose-invert wrap-break-word w-full light markdown-new-styling\">\n<h4 class=\"PDq2pG_selectionAnchorContainer\" data-start=\"162\" data-end=\"420\"><span style=\"font-size: 75%;\">Como parte de mi formaci\u00f3n especializada en el sector inmobiliario, cuento con certificaci\u00f3n como <strong data-start=\"260\" data-end=\"300\">Experto en Manejo de Aval\u00faos Rurales<\/strong>, adquiriendo conocimientos t\u00e9cnicos para el an\u00e1lisis, valoraci\u00f3n y evaluaci\u00f3n de propiedades ubicadas en zonas rurales.<\/span><\/h4>\n<h4 data-start=\"422\" data-end=\"710\"><span style=\"font-size: 75%;\">Esta preparaci\u00f3n me permite desarrollar criterios profesionales para la identificaci\u00f3n de caracter\u00edsticas f\u00edsicas, productivas, comerciales y econ\u00f3micas de los bienes rurales, aportando informaci\u00f3n confiable para procesos de compra, venta, negociaci\u00f3n, inversi\u00f3n y protecci\u00f3n patrimonial.<\/span><\/h4>\n<h4 data-start=\"712\" data-end=\"978\"><span style=\"font-size: 75%;\">Mi formaci\u00f3n jur\u00eddica como abogado, complementada con conocimientos en <strong data-start=\"783\" data-end=\"831\">gerencia inmobiliaria y valoraci\u00f3n de bienes<\/strong>, permite brindar una asesor\u00eda integral, combinando el an\u00e1lisis legal con criterios t\u00e9cnicos para ofrecer seguridad y transparencia a mis clientes.<\/span><\/h4>\n<h4 data-start=\"980\" data-end=\"1125\"><span style=\"font-size: 75%;\"><strong data-start=\"980\" data-end=\"1125\" data-is-last-node=\"\">Comprometido con proteger el patrimonio de mis clientes mediante un servicio profesional, responsable y basado en conocimiento especializado.<\/strong><\/span><\/h4>\n<\/div>\n<\/div>\n<\/div>\n<\/div>\n<div class=\"mt-3 w-full empty:hidden\">\n<div class=\"text-center\">\u00a0<\/div>\n<\/div>\n<\/div>\n<\/div>\n<\/section>\n<\/div>\n<\/div>\n<div class=\"pointer-events-none -mt-px h-px translate-y-&#091;calc(var(--scroll-root-safe-area-inset-bottom)-14*var(--spacing))&#093;\" aria-hidden=\"true\">\u00a0<\/div>\n\n\t\t<\/div>\n\t\t\t\t\t<\/div>\n\n\t\n\n\t<div id=\"col-735405768\" class=\"col medium-6 small-12 large-6\"  >\n\t\t\t\t<div class=\"col-inner\"  >\n\t\t\t\n\t\t\t\n\n\t<div class=\"img has-hover x md-x lg-x y md-y lg-y\" id=\"image_1506885519\">\n\t\t\t\t\t\t\t\t<div class=\"img-inner dark\" >\n\t\t\t<img loading=\"lazy\" decoding=\"async\" width=\"2000\" height=\"1414\" src=\"https:\/\/faustoquintana.com\/wp-content\/uploads\/2026\/07\/2.png\" class=\"attachment-original size-original\" alt=\"\" srcset=\"https:\/\/faustoquintana.com\/wp-content\/uploads\/2026\/07\/2.png 2000w, https:\/\/faustoquintana.com\/wp-content\/uploads\/2026\/07\/2-300x212.png 300w, https:\/\/faustoquintana.com\/wp-content\/uploads\/2026\/07\/2-1024x724.png 1024w, https:\/\/faustoquintana.com\/wp-content\/uploads\/2026\/07\/2-768x543.png 768w, https:\/\/faustoquintana.com\/wp-content\/uploads\/2026\/07\/2-1536x1086.png 1536w, https:\/\/faustoquintana.com\/wp-content\/uploads\/2026\/07\/2-600x424.png 600w\" sizes=\"(max-width: 2000px) 100vw, 2000px\" \/>\t\t\t\t\t\t\n\t\t\t\t\t<\/div>\n\t\t\t\t\t\t\t\t\n<style>\n#image_1506885519 {\n  width: 100%;\n}\n<\/style>\n\t<\/div>\n\t\n\n\n\t\t<\/div>\n\t\t\t\t\t<\/div>\n\n\t\n\n<\/div>\n<div class=\"row\"  id=\"row-849271289\">\n\n\n\t<div id=\"col-1474591343\" class=\"col medium-6 small-12 large-6\"  >\n\t\t\t\t<div class=\"col-inner\"  >\n\t\t\t\n\t\t\t\n\n\t<div class=\"img has-hover x md-x lg-x y md-y lg-y\" id=\"image_180565305\">\n\t\t\t\t\t\t\t\t<div class=\"img-inner dark\" >\n\t\t\t<img loading=\"lazy\" decoding=\"async\" width=\"2000\" height=\"1414\" src=\"https:\/\/faustoquintana.com\/wp-content\/uploads\/2026\/07\/3.png\" class=\"attachment-original size-original\" alt=\"\" srcset=\"https:\/\/faustoquintana.com\/wp-content\/uploads\/2026\/07\/3.png 2000w, https:\/\/faustoquintana.com\/wp-content\/uploads\/2026\/07\/3-300x212.png 300w, https:\/\/faustoquintana.com\/wp-content\/uploads\/2026\/07\/3-1024x724.png 1024w, https:\/\/faustoquintana.com\/wp-content\/uploads\/2026\/07\/3-768x543.png 768w, https:\/\/faustoquintana.com\/wp-content\/uploads\/2026\/07\/3-1536x1086.png 1536w, https:\/\/faustoquintana.com\/wp-content\/uploads\/2026\/07\/3-600x424.png 600w\" sizes=\"(max-width: 2000px) 100vw, 2000px\" \/>\t\t\t\t\t\t\n\t\t\t\t\t<\/div>\n\t\t\t\t\t\t\t\t\n<style>\n#image_180565305 {\n  width: 100%;\n}\n<\/style>\n\t<\/div>\n\t\n\n\n\t\t<\/div>\n\t\t\t\t\t<\/div>\n\n\t\n\n\t<div id=\"col-1243940367\" class=\"col medium-6 small-12 large-6\"  >\n\t\t\t\t<div class=\"col-inner\"  >\n\t\t\t\n\t\t\t\n\n<h3>PERITO EN VALORACION DE BIENES MUEBLES<\/h3>\n<h4 class=\"PDq2pG_selectionAnchorContainer\" data-start=\"154\" data-end=\"396\"><span style=\"font-size: 75%;\">Como parte de mi formaci\u00f3n profesional especializada, cuento con certificaci\u00f3n como <strong data-start=\"238\" data-end=\"280\">Perito en Valoraci\u00f3n de Bienes Muebles<\/strong>, fortaleciendo mis conocimientos t\u00e9cnicos para el an\u00e1lisis, evaluaci\u00f3n y determinaci\u00f3n del valor de bienes muebles.<\/span><\/h4>\n<h4 data-start=\"398\" data-end=\"609\"><span style=\"font-size: 75%;\">Esta preparaci\u00f3n permite realizar valoraciones considerando caracter\u00edsticas f\u00edsicas, estado de conservaci\u00f3n, funcionalidad, condiciones del mercado y factores t\u00e9cnicos que influyen en el valor real de cada bien.<\/span><\/h4>\n<h4 data-start=\"611\" data-end=\"882\"><span style=\"font-size: 75%;\">Mi formaci\u00f3n como abogado, complementada con conocimientos en <strong data-start=\"673\" data-end=\"709\">aval\u00faos y valoraci\u00f3n patrimonial<\/strong>, me permite brindar asesor\u00eda integral en procesos de negociaci\u00f3n, protecci\u00f3n de activos, inventarios, tr\u00e1mites legales y toma de decisiones relacionadas con bienes muebles.<\/span><\/h4>\n<h4 data-start=\"884\" data-end=\"1056\"><span style=\"font-size: 75%;\">Mi compromiso es ofrecer a mis clientes un servicio basado en <strong data-start=\"946\" data-end=\"1004\">criterios t\u00e9cnicos, transparencia y seguridad jur\u00eddica<\/strong>, aportando confianza en cada proceso de valoraci\u00f3n.<\/span><\/h4>\n<h4 data-start=\"1058\" data-end=\"1148\"><span style=\"font-size: 75%;\"><strong data-start=\"1058\" data-end=\"1148\" data-is-last-node=\"\">Experiencia, conocimiento y preparaci\u00f3n al servicio de la protecci\u00f3n de su patrimonio.<\/strong><\/span><\/h4>\n\n\t\t<\/div>\n\t\t\t\t\t<\/div>\n\n\t\n\n<\/div>\n<div class=\"row\"  id=\"row-1618933861\">\n\n\n\t<div id=\"col-1888487145\" class=\"col medium-6 small-12 large-6\"  >\n\t\t\t\t<div class=\"col-inner\"  >\n\t\t\t\n\t\t\t\n\n<h3>EXPERTO PERITO AVALUADOR EN BIENES<\/h3>\n<h5 class=\"PDq2pG_selectionAnchorContainer\" data-start=\"178\" data-end=\"415\"><span style=\"font-size: 75%;\">Como parte de mi preparaci\u00f3n profesional continua, cuento con certificaci\u00f3n como <strong data-start=\"259\" data-end=\"297\">Experto Perito Avaluador en Bienes<\/strong>, fortaleciendo mis conocimientos t\u00e9cnicos para la valoraci\u00f3n y an\u00e1lisis de diferentes tipos de activos patrimoniales.<\/span><\/h5>\n<h5 data-start=\"417\" data-end=\"633\"><span style=\"font-size: 75%;\">Esta formaci\u00f3n me permite aplicar criterios t\u00e9cnicos en la evaluaci\u00f3n de bienes, considerando sus caracter\u00edsticas, estado, condiciones del mercado y factores que influyen directamente en la determinaci\u00f3n de su valor.<\/span><\/h5>\n<h5 data-start=\"635\" data-end=\"937\"><span style=\"font-size: 75%;\">Mi preparaci\u00f3n integra el conocimiento jur\u00eddico con herramientas especializadas en <strong data-start=\"718\" data-end=\"776\">aval\u00faos, valoraci\u00f3n patrimonial y gesti\u00f3n inmobiliaria<\/strong>, permitiendo brindar una asesor\u00eda completa y confiable en procesos de negociaci\u00f3n, compra, venta, herencias, particiones, garant\u00edas y protecci\u00f3n del patrimonio.<\/span><\/h5>\n<h5 data-start=\"939\" data-end=\"1114\"><span style=\"font-size: 75%;\">Mi compromiso es ofrecer a mis clientes evaluaciones responsables, transparentes y fundamentadas t\u00e9cnicamente, aportando seguridad en cada decisi\u00f3n relacionada con sus bienes.<\/span><\/h5>\n<h5 data-start=\"1116\" data-end=\"1207\"><span style=\"font-size: 75%;\"><strong data-start=\"1116\" data-end=\"1207\" data-is-last-node=\"\">Conocimiento jur\u00eddico y t\u00e9cnico al servicio de la correcta valoraci\u00f3n de su patrimonio.<\/strong><\/span><\/h5>\n\n\t\t<\/div>\n\t\t\t\t\t<\/div>\n\n\t\n\n\t<div id=\"col-1740365181\" class=\"col medium-6 small-12 large-6\"  >\n\t\t\t\t<div class=\"col-inner\"  >\n\t\t\t\n\t\t\t\n\n\t<div class=\"img has-hover x md-x lg-x y md-y lg-y\" id=\"image_1557341702\">\n\t\t\t\t\t\t\t\t<div class=\"img-inner dark\" >\n\t\t\t<img loading=\"lazy\" decoding=\"async\" width=\"2000\" height=\"1414\" src=\"https:\/\/faustoquintana.com\/wp-content\/uploads\/2026\/07\/4.png\" class=\"attachment-original size-original\" alt=\"\" srcset=\"https:\/\/faustoquintana.com\/wp-content\/uploads\/2026\/07\/4.png 2000w, https:\/\/faustoquintana.com\/wp-content\/uploads\/2026\/07\/4-300x212.png 300w, https:\/\/faustoquintana.com\/wp-content\/uploads\/2026\/07\/4-1024x724.png 1024w, https:\/\/faustoquintana.com\/wp-content\/uploads\/2026\/07\/4-768x543.png 768w, https:\/\/faustoquintana.com\/wp-content\/uploads\/2026\/07\/4-1536x1086.png 1536w, https:\/\/faustoquintana.com\/wp-content\/uploads\/2026\/07\/4-600x424.png 600w\" sizes=\"(max-width: 2000px) 100vw, 2000px\" \/>\t\t\t\t\t\t\n\t\t\t\t\t<\/div>\n\t\t\t\t\t\t\t\t\n<style>\n#image_1557341702 {\n  width: 100%;\n}\n<\/style>\n\t<\/div>\n\t\n\n\n\t\t<\/div>\n\t\t\t\t\t<\/div>\n\n\t\n\n<\/div>\n<div class=\"row\"  id=\"row-454084930\">\n\n\n\t<div id=\"col-78862881\" class=\"col small-12 large-12\"  >\n\t\t\t\t<div class=\"col-inner\"  >\n\t\t\t\n\t\t\t\n\n<div class=\"row\"  id=\"row-154607057\">\n\n\n\t<div id=\"col-1249585670\" class=\"col medium-6 small-12 large-6\"  >\n\t\t\t\t<div class=\"col-inner\"  >\n\t\t\t\n\t\t\t\n\n\t<div class=\"img has-hover x md-x lg-x y md-y lg-y\" id=\"image_1640418041\">\n\t\t\t\t\t\t\t\t<div class=\"img-inner dark\" >\n\t\t\t<img loading=\"lazy\" decoding=\"async\" width=\"461\" height=\"619\" src=\"https:\/\/faustoquintana.com\/wp-content\/uploads\/2026\/07\/Captura-de-pantalla-2026-07-13-222233.png\" class=\"attachment-original size-original\" alt=\"\" srcset=\"https:\/\/faustoquintana.com\/wp-content\/uploads\/2026\/07\/Captura-de-pantalla-2026-07-13-222233.png 461w, https:\/\/faustoquintana.com\/wp-content\/uploads\/2026\/07\/Captura-de-pantalla-2026-07-13-222233-223x300.png 223w\" sizes=\"(max-width: 461px) 100vw, 461px\" \/>\t\t\t\t\t\t\n\t\t\t\t\t<\/div>\n\t\t\t\t\t\t\t\t\n<style>\n#image_1640418041 {\n  width: 100%;\n}\n<\/style>\n\t<\/div>\n\t\n\n\n\t\t<\/div>\n\t\t\t\t\t<\/div>\n\n\t\n\n\t<div id=\"col-1575979130\" class=\"col medium-6 small-12 large-6\"  >\n\t\t\t\t<div class=\"col-inner\"  >\n\t\t\t\n\t\t\t\n\n<h3>Licencia Profesional de Corredor de Bienes Ra\u00edces<\/h3>\n<h5 class=\"PDq2pG_selectionAnchorContainer\" data-start=\"201\" data-end=\"447\"><span style=\"font-size: 75%;\">Como parte de mi compromiso con la \u00e9tica, la transparencia y la excelencia profesional, cuento con la <strong data-start=\"303\" data-end=\"356\">Licencia Profesional de Corredor de Bienes Ra\u00edces<\/strong>, que me acredita legalmente para ejercer esta actividad en todo el territorio ecuatoriano.<\/span><\/h5>\n<h5 data-start=\"449\" data-end=\"739\"><span style=\"font-size: 75%;\">Esta licencia fue otorgada por la <strong data-start=\"483\" data-end=\"554\">Asociaci\u00f3n de Corredores de Bienes Ra\u00edces de Bol\u00edvar (ACBR Bol\u00edvar)<\/strong>, organizaci\u00f3n registrada ante el Ministerio de Producci\u00f3n, Comercio Exterior, Inversiones y Pesca del Ecuador, en cumplimiento de la <strong data-start=\"688\" data-end=\"738\">Ley de Corredores de Bienes Ra\u00edces del Ecuador<\/strong>.<\/span><\/h5>\n<h5 data-start=\"741\" data-end=\"770\"><span style=\"font-size: 75%;\">Informaci\u00f3n de la Licencia<\/span><\/h5>\n<ul data-start=\"772\" data-end=\"1084\">\n<li data-start=\"772\" data-end=\"819\">\n<h5><span style=\"font-size: 75%;\"><strong data-start=\"774\" data-end=\"786\">Titular:<\/strong> Ab. Fausto Rub\u00e9n Quintana Cobe\u00f1a<\/span><\/h5>\n<\/li>\n<li data-start=\"820\" data-end=\"865\">\n<h5><span style=\"font-size: 75%;\"><strong data-start=\"822\" data-end=\"847\">Licencia Profesional:<\/strong> CBR-ACBRB N.\u00ba 456<\/span><\/h5>\n<\/li>\n<li data-start=\"866\" data-end=\"910\">\n<h5><span style=\"font-size: 75%;\"><strong data-start=\"868\" data-end=\"892\">Fecha de Expedici\u00f3n:<\/strong> 9 de mayo de 2026<\/span><\/h5>\n<\/li>\n<li data-start=\"911\" data-end=\"1001\">\n<h5><span style=\"font-size: 75%;\"><strong data-start=\"913\" data-end=\"933\">Entidad Emisora:<\/strong> Asociaci\u00f3n de Corredores de Bienes Ra\u00edces de Bol\u00edvar (ACBR Bol\u00edvar)<\/span><\/h5>\n<\/li>\n<li data-start=\"1002\" data-end=\"1028\">\n<h5><span style=\"font-size: 75%;\"><strong data-start=\"1004\" data-end=\"1017\">Vigencia:<\/strong> Indefinida<\/span><\/h5>\n<\/li>\n<li data-start=\"1029\" data-end=\"1084\">\n<h5><span style=\"font-size: 75%;\"><strong data-start=\"1031\" data-end=\"1053\">\u00c1mbito de Validez:<\/strong> Todo el territorio ecuatoriano<\/span><\/h5>\n<\/li>\n<\/ul>\n<h5 data-start=\"1086\" data-end=\"1116\"><span style=\"font-size: 75%;\">Garant\u00eda de Profesionalismo<\/span><\/h5>\n<h5 data-start=\"1118\" data-end=\"1430\"><span style=\"font-size: 75%;\">La obtenci\u00f3n de esta licencia certifica que he cumplido con todos los requisitos legales, t\u00e9cnicos y profesionales exigidos por la normativa ecuatoriana para ejercer como <strong data-start=\"1289\" data-end=\"1330\">Corredor Profesional de Bienes Ra\u00edces<\/strong>, brindando a mis clientes un servicio basado en la legalidad, la seguridad jur\u00eddica y la confianza.<\/span><\/h5>\n<h5 data-start=\"1432\" data-end=\"1673\"><span style=\"font-size: 75%;\">Mi compromiso es acompa\u00f1ar a cada cliente durante todo el proceso de compra, venta, alquiler o inversi\u00f3n inmobiliaria, ofreciendo asesor\u00eda personalizada, transparencia en cada negociaci\u00f3n y respaldo profesional en cada etapa de la operaci\u00f3n.<\/span><\/h5>\n<h5 data-start=\"1675\" data-end=\"1690\"><span style=\"font-size: 75%;\">Verificaci\u00f3n<\/span><\/h5>\n<h5 data-start=\"1692\" data-end=\"1827\"><span style=\"font-size: 75%;\">La autenticidad de esta licencia puede ser verificada directamente a trav\u00e9s de la Asociaci\u00f3n de Corredores de Bienes Ra\u00edces de Bol\u00edvar.<\/span><\/h5>\n\n\t\t<\/div>\n\t\t\t\t\t<\/div>\n\n\t\n\n<\/div>\n\n\t\t<\/div>\n\t\t\t\t\t<\/div>\n\n\t\n\n<\/div>\n\n","protected":false},"excerpt":{"rendered":"","protected":false},"author":1,"featured_media":0,"parent":0,"menu_order":0,"comment_status":"closed","ping_status":"closed","template":"","meta":{"footnotes":""},"class_list":["post-141","page","type-page","status-publish","hentry"],"jetpack_sharing_enabled":true,"_links":{"self":[{"href":"https:\/\/faustoquintana.com\/index.php?rest_route=\/wp\/v2\/pages\/141","targetHints":{"allow":["GET"]}}],"collection":[{"href":"https:\/\/faustoquintana.com\/index.php?rest_route=\/wp\/v2\/pages"}],"about":[{"href":"https:\/\/faustoquintana.com\/index.php?rest_route=\/wp\/v2\/types\/page"}],"author":[{"embeddable":true,"href":"https:\/\/faustoquintana.com\/index.php?rest_route=\/wp\/v2\/users\/1"}],"replies":[{"embeddable":true,"href":"https:\/\/faustoquintana.com\/index.php?rest_route=%2Fwp%2Fv2%2Fcomments&post=141"}],"version-history":[{"count":21,"href":"https:\/\/faustoquintana.com\/index.php?rest_route=\/wp\/v2\/pages\/141\/revisions"}],"predecessor-version":[{"id":1210,"href":"https:\/\/faustoquintana.com\/index.php?rest_route=\/wp\/v2\/pages\/141\/revisions\/1210"}],"wp:attachment":[{"href":"https:\/\/faustoquintana.com\/index.php?rest_route=%2Fwp%2Fv2%2Fmedia&parent=141"}],"curies":[{"name":"wp","href":"https:\/\/api.w.org\/{rel}","templated":true}]}}